{"id":616,"date":"2021-09-18T10:25:32","date_gmt":"2021-09-18T10:25:32","guid":{"rendered":"https:\/\/vsneustift.at\/?page_id=616"},"modified":"2021-09-18T10:25:32","modified_gmt":"2021-09-18T10:25:32","slug":"archiv-2021-2022","status":"publish","type":"page","link":"https:\/\/vsneustift.at\/?page_id=616","title":{"rendered":"Archiv 2021\/2022"},"content":{"rendered":"<ul class=\"wp-block-latest-posts__list is-grid columns-2 wp-block-latest-posts\"><li><div class=\"wp-block-latest-posts__featured-image\"><img loading=\"lazy\" decoding=\"async\" width=\"660\" height=\"495\" src=\"https:\/\/vsneustift.at\/wp-content\/uploads\/2022\/08\/IMG-20220828-WA0004-1024x768.jpg\" class=\"attachment-large size-large wp-post-image\" alt=\"\" style=\"\" srcset=\"https:\/\/vsneustift.at\/wp-content\/uploads\/2022\/08\/IMG-20220828-WA0004-1024x768.jpg 1024w, https:\/\/vsneustift.at\/wp-content\/uploads\/2022\/08\/IMG-20220828-WA0004-300x225.jpg 300w, https:\/\/vsneustift.at\/wp-content\/uploads\/2022\/08\/IMG-20220828-WA0004-768x576.jpg 768w, https:\/\/vsneustift.at\/wp-content\/uploads\/2022\/08\/IMG-20220828-WA0004-1536x1152.jpg 1536w, https:\/\/vsneustift.at\/wp-content\/uploads\/2022\/08\/IMG-20220828-WA0004.jpg 1600w\" sizes=\"auto, (max-width: 660px) 100vw, 660px\" \/><\/div><a class=\"wp-block-latest-posts__post-title\" href=\"https:\/\/vsneustift.at\/?p=1351\">Wir machen Ferien!<\/a><div class=\"wp-block-latest-posts__post-excerpt\">Nach einem anstrengenden Jahr haben wir uns die Ferien richtig &hellip; <a href=\"https:\/\/vsneustift.at\/?p=1351\" class=\"more-link\"><span class=\"screen-reader-text\">Wir machen Ferien!<\/span> weiterlesen<\/a><\/div><\/li>\n<li><div class=\"wp-block-latest-posts__featured-image\"><img loading=\"lazy\" decoding=\"async\" width=\"660\" height=\"440\" src=\"https:\/\/vsneustift.at\/wp-content\/uploads\/2022\/08\/33-sport-spiel-fest-7-1024x683.jpg\" class=\"attachment-large size-large wp-post-image\" alt=\"\" style=\"\" srcset=\"https:\/\/vsneustift.at\/wp-content\/uploads\/2022\/08\/33-sport-spiel-fest-7-1024x683.jpg 1024w, https:\/\/vsneustift.at\/wp-content\/uploads\/2022\/08\/33-sport-spiel-fest-7-300x200.jpg 300w, https:\/\/vsneustift.at\/wp-content\/uploads\/2022\/08\/33-sport-spiel-fest-7-768x512.jpg 768w, https:\/\/vsneustift.at\/wp-content\/uploads\/2022\/08\/33-sport-spiel-fest-7-1536x1024.jpg 1536w, https:\/\/vsneustift.at\/wp-content\/uploads\/2022\/08\/33-sport-spiel-fest-7-2048x1365.jpg 2048w\" sizes=\"auto, (max-width: 660px) 100vw, 660px\" \/><\/div><a class=\"wp-block-latest-posts__post-title\" href=\"https:\/\/vsneustift.at\/?p=1340\">Unser SPORT-SPIEL-FEST in den Schulg\u00e4rten<\/a><div class=\"wp-block-latest-posts__post-excerpt\">\u2026und danach zum Grillfest vom Elternverein.<\/div><\/li>\n<li><div class=\"wp-block-latest-posts__featured-image\"><img loading=\"lazy\" decoding=\"async\" width=\"660\" height=\"495\" src=\"https:\/\/vsneustift.at\/wp-content\/uploads\/2022\/08\/20220704_133949-1024x768.jpg\" class=\"attachment-large size-large wp-post-image\" alt=\"\" style=\"\" srcset=\"https:\/\/vsneustift.at\/wp-content\/uploads\/2022\/08\/20220704_133949-1024x768.jpg 1024w, https:\/\/vsneustift.at\/wp-content\/uploads\/2022\/08\/20220704_133949-300x225.jpg 300w, https:\/\/vsneustift.at\/wp-content\/uploads\/2022\/08\/20220704_133949-768x576.jpg 768w, https:\/\/vsneustift.at\/wp-content\/uploads\/2022\/08\/20220704_133949-1536x1152.jpg 1536w, https:\/\/vsneustift.at\/wp-content\/uploads\/2022\/08\/20220704_133949-2048x1536.jpg 2048w\" sizes=\"auto, (max-width: 660px) 100vw, 660px\" \/><\/div><a class=\"wp-block-latest-posts__post-title\" href=\"https:\/\/vsneustift.at\/?p=1334\">Nachmittagswanderung<\/a><div class=\"wp-block-latest-posts__post-excerpt\">Heute ging`s f\u00fcr uns Nachmittagskinder zum neuen Motorikpark um den &hellip; <a href=\"https:\/\/vsneustift.at\/?p=1334\" class=\"more-link\"><span class=\"screen-reader-text\">Nachmittagswanderung<\/span> weiterlesen<\/a><\/div><\/li>\n<li><div class=\"wp-block-latest-posts__featured-image\"><img loading=\"lazy\" decoding=\"async\" width=\"660\" height=\"440\" src=\"https:\/\/vsneustift.at\/wp-content\/uploads\/2022\/08\/28-Schulanfaenger-a-1024x683.jpg\" class=\"attachment-large size-large wp-post-image\" alt=\"\" style=\"\" srcset=\"https:\/\/vsneustift.at\/wp-content\/uploads\/2022\/08\/28-Schulanfaenger-a-1024x683.jpg 1024w, https:\/\/vsneustift.at\/wp-content\/uploads\/2022\/08\/28-Schulanfaenger-a-300x200.jpg 300w, https:\/\/vsneustift.at\/wp-content\/uploads\/2022\/08\/28-Schulanfaenger-a-768x512.jpg 768w, https:\/\/vsneustift.at\/wp-content\/uploads\/2022\/08\/28-Schulanfaenger-a-1536x1024.jpg 1536w, https:\/\/vsneustift.at\/wp-content\/uploads\/2022\/08\/28-Schulanfaenger-a-2048x1365.jpg 2048w\" sizes=\"auto, (max-width: 660px) 100vw, 660px\" \/><\/div><a class=\"wp-block-latest-posts__post-title\" href=\"https:\/\/vsneustift.at\/?p=1323\">Besuch der Kindergartenkinder<\/a><div class=\"wp-block-latest-posts__post-excerpt\">Wir Kinder der 1. Klasse lernen mit den Schulanf\u00e4ngern vom &hellip; <a href=\"https:\/\/vsneustift.at\/?p=1323\" class=\"more-link\"><span class=\"screen-reader-text\">Besuch der Kindergartenkinder<\/span> weiterlesen<\/a><\/div><\/li>\n<li><div class=\"wp-block-latest-posts__featured-image\"><img loading=\"lazy\" decoding=\"async\" width=\"660\" height=\"495\" src=\"https:\/\/vsneustift.at\/wp-content\/uploads\/2022\/08\/31-sport-6-1024x768.jpg\" class=\"attachment-large size-large wp-post-image\" alt=\"\" style=\"\" srcset=\"https:\/\/vsneustift.at\/wp-content\/uploads\/2022\/08\/31-sport-6-1024x768.jpg 1024w, https:\/\/vsneustift.at\/wp-content\/uploads\/2022\/08\/31-sport-6-300x225.jpg 300w, https:\/\/vsneustift.at\/wp-content\/uploads\/2022\/08\/31-sport-6-768x576.jpg 768w, https:\/\/vsneustift.at\/wp-content\/uploads\/2022\/08\/31-sport-6-1536x1152.jpg 1536w, https:\/\/vsneustift.at\/wp-content\/uploads\/2022\/08\/31-sport-6-2048x1536.jpg 2048w\" sizes=\"auto, (max-width: 660px) 100vw, 660px\" \/><\/div><a class=\"wp-block-latest-posts__post-title\" href=\"https:\/\/vsneustift.at\/?p=1326\">Sporttag<\/a><div class=\"wp-block-latest-posts__post-excerpt\">Volleyball, Fu\u00dfball und Tennis mit unseren Trainern von der Union &hellip; <a href=\"https:\/\/vsneustift.at\/?p=1326\" class=\"more-link\"><span class=\"screen-reader-text\">Sporttag<\/span> weiterlesen<\/a><\/div><\/li>\n<li><div class=\"wp-block-latest-posts__featured-image\"><img loading=\"lazy\" decoding=\"async\" width=\"660\" height=\"495\" src=\"https:\/\/vsneustift.at\/wp-content\/uploads\/2022\/08\/27-ok-2-1024x768.jpg\" class=\"attachment-large size-large wp-post-image\" alt=\"\" style=\"\" srcset=\"https:\/\/vsneustift.at\/wp-content\/uploads\/2022\/08\/27-ok-2-1024x768.jpg 1024w, https:\/\/vsneustift.at\/wp-content\/uploads\/2022\/08\/27-ok-2-300x225.jpg 300w, https:\/\/vsneustift.at\/wp-content\/uploads\/2022\/08\/27-ok-2-768x576.jpg 768w, https:\/\/vsneustift.at\/wp-content\/uploads\/2022\/08\/27-ok-2-1536x1152.jpg 1536w, https:\/\/vsneustift.at\/wp-content\/uploads\/2022\/08\/27-ok-2.jpg 1600w\" sizes=\"auto, (max-width: 660px) 100vw, 660px\" \/><\/div><a class=\"wp-block-latest-posts__post-title\" href=\"https:\/\/vsneustift.at\/?p=1303\">Ein hei\u00dfer Tag!<\/a><div class=\"wp-block-latest-posts__post-excerpt\">Gott sei Dank war heute \u201eWassertag\u201c im Freibad Oberkappel.<\/div><\/li>\n<li><div class=\"wp-block-latest-posts__featured-image\"><img loading=\"lazy\" decoding=\"async\" width=\"660\" height=\"495\" src=\"https:\/\/vsneustift.at\/wp-content\/uploads\/2022\/08\/24-wegscheid-2-1024x768.jpg\" class=\"attachment-large size-large wp-post-image\" alt=\"\" style=\"\" srcset=\"https:\/\/vsneustift.at\/wp-content\/uploads\/2022\/08\/24-wegscheid-2-1024x768.jpg 1024w, https:\/\/vsneustift.at\/wp-content\/uploads\/2022\/08\/24-wegscheid-2-300x225.jpg 300w, https:\/\/vsneustift.at\/wp-content\/uploads\/2022\/08\/24-wegscheid-2-768x576.jpg 768w, https:\/\/vsneustift.at\/wp-content\/uploads\/2022\/08\/24-wegscheid-2-1536x1152.jpg 1536w, https:\/\/vsneustift.at\/wp-content\/uploads\/2022\/08\/24-wegscheid-2-2048x1536.jpg 2048w\" sizes=\"auto, (max-width: 660px) 100vw, 660px\" \/><\/div><a class=\"wp-block-latest-posts__post-title\" href=\"https:\/\/vsneustift.at\/?p=1297\">Platsch!<\/a><div class=\"wp-block-latest-posts__post-excerpt\">Es war ein nasser Tag im Hallenbad Wegscheid.<\/div><\/li>\n<li><div class=\"wp-block-latest-posts__featured-image\"><img loading=\"lazy\" decoding=\"async\" width=\"660\" height=\"371\" src=\"https:\/\/vsneustift.at\/wp-content\/uploads\/2022\/08\/26-ek-2-1-1024x576.jpg\" class=\"attachment-large size-large wp-post-image\" alt=\"\" style=\"\" srcset=\"https:\/\/vsneustift.at\/wp-content\/uploads\/2022\/08\/26-ek-2-1-1024x576.jpg 1024w, https:\/\/vsneustift.at\/wp-content\/uploads\/2022\/08\/26-ek-2-1-300x169.jpg 300w, https:\/\/vsneustift.at\/wp-content\/uploads\/2022\/08\/26-ek-2-1-768x432.jpg 768w, https:\/\/vsneustift.at\/wp-content\/uploads\/2022\/08\/26-ek-2-1-1536x864.jpg 1536w, https:\/\/vsneustift.at\/wp-content\/uploads\/2022\/08\/26-ek-2-1-2048x1152.jpg 2048w\" sizes=\"auto, (max-width: 660px) 100vw, 660px\" \/><\/div><a class=\"wp-block-latest-posts__post-title\" href=\"https:\/\/vsneustift.at\/?p=1285\">Erstkommunion<\/a><div class=\"wp-block-latest-posts__post-excerpt\">Nach einer gr\u00fcndlichen Vorbereitung auf dieses Fest konnten die Kinder &hellip; <a href=\"https:\/\/vsneustift.at\/?p=1285\" class=\"more-link\"><span class=\"screen-reader-text\">Erstkommunion<\/span> weiterlesen<\/a><\/div><\/li>\n<li><div class=\"wp-block-latest-posts__featured-image\"><img loading=\"lazy\" decoding=\"async\" width=\"660\" height=\"440\" src=\"https:\/\/vsneustift.at\/wp-content\/uploads\/2022\/08\/floe-16-1024x683.jpg\" class=\"attachment-large size-large wp-post-image\" alt=\"\" style=\"\" srcset=\"https:\/\/vsneustift.at\/wp-content\/uploads\/2022\/08\/floe-16-1024x683.jpg 1024w, https:\/\/vsneustift.at\/wp-content\/uploads\/2022\/08\/floe-16-300x200.jpg 300w, https:\/\/vsneustift.at\/wp-content\/uploads\/2022\/08\/floe-16-768x512.jpg 768w, https:\/\/vsneustift.at\/wp-content\/uploads\/2022\/08\/floe-16-1536x1024.jpg 1536w, https:\/\/vsneustift.at\/wp-content\/uploads\/2022\/08\/floe-16-2048x1365.jpg 2048w\" sizes=\"auto, (max-width: 660px) 100vw, 660px\" \/><\/div><a class=\"wp-block-latest-posts__post-title\" href=\"https:\/\/vsneustift.at\/?p=1313\">Hast du T\u00d6NE?<\/a><div class=\"wp-block-latest-posts__post-excerpt\">Das war ein toller Musikunterricht von Fl\u00f6tenlehrer Florian Huber.<\/div><\/li>\n<li><div class=\"wp-block-latest-posts__featured-image\"><img loading=\"lazy\" decoding=\"async\" width=\"660\" height=\"495\" src=\"https:\/\/vsneustift.at\/wp-content\/uploads\/2022\/08\/25-MS-Hofkirchen-1024x768.jpg\" class=\"attachment-large size-large wp-post-image\" alt=\"\" style=\"\" srcset=\"https:\/\/vsneustift.at\/wp-content\/uploads\/2022\/08\/25-MS-Hofkirchen-1024x768.jpg 1024w, https:\/\/vsneustift.at\/wp-content\/uploads\/2022\/08\/25-MS-Hofkirchen-300x225.jpg 300w, https:\/\/vsneustift.at\/wp-content\/uploads\/2022\/08\/25-MS-Hofkirchen-768x576.jpg 768w, https:\/\/vsneustift.at\/wp-content\/uploads\/2022\/08\/25-MS-Hofkirchen-1536x1152.jpg 1536w, https:\/\/vsneustift.at\/wp-content\/uploads\/2022\/08\/25-MS-Hofkirchen-2048x1536.jpg 2048w\" sizes=\"auto, (max-width: 660px) 100vw, 660px\" \/><\/div><a class=\"wp-block-latest-posts__post-title\" href=\"https:\/\/vsneustift.at\/?p=1310\">Schulbesuch!<\/a><div class=\"wp-block-latest-posts__post-excerpt\">Mit dem Bus ging`s in die MS Hofkirchen &#8211; eine &hellip; <a href=\"https:\/\/vsneustift.at\/?p=1310\" class=\"more-link\"><span class=\"screen-reader-text\">Schulbesuch!<\/span> weiterlesen<\/a><\/div><\/li>\n<li><div class=\"wp-block-latest-posts__featured-image\"><img loading=\"lazy\" decoding=\"async\" width=\"660\" height=\"440\" src=\"https:\/\/vsneustift.at\/wp-content\/uploads\/2022\/08\/23-butter-26-1024x683.jpg\" class=\"attachment-large size-large wp-post-image\" alt=\"\" style=\"\" srcset=\"https:\/\/vsneustift.at\/wp-content\/uploads\/2022\/08\/23-butter-26-1024x683.jpg 1024w, https:\/\/vsneustift.at\/wp-content\/uploads\/2022\/08\/23-butter-26-300x200.jpg 300w, https:\/\/vsneustift.at\/wp-content\/uploads\/2022\/08\/23-butter-26-768x512.jpg 768w, https:\/\/vsneustift.at\/wp-content\/uploads\/2022\/08\/23-butter-26-1536x1024.jpg 1536w, https:\/\/vsneustift.at\/wp-content\/uploads\/2022\/08\/23-butter-26-2048x1365.jpg 2048w\" sizes=\"auto, (max-width: 660px) 100vw, 660px\" \/><\/div><a class=\"wp-block-latest-posts__post-title\" href=\"https:\/\/vsneustift.at\/?p=1288\">Selbstgemachte Butter!<\/a><div class=\"wp-block-latest-posts__post-excerpt\">Gerlinde und Daniela, unsere B\u00e4uerinnen, zeigten uns wie man Milch &hellip; <a href=\"https:\/\/vsneustift.at\/?p=1288\" class=\"more-link\"><span class=\"screen-reader-text\">Selbstgemachte Butter!<\/span> weiterlesen<\/a><\/div><\/li>\n<li><div class=\"wp-block-latest-posts__featured-image\"><img loading=\"lazy\" decoding=\"async\" width=\"660\" height=\"990\" src=\"https:\/\/vsneustift.at\/wp-content\/uploads\/2022\/08\/22-linz-aktion-129-1-683x1024.jpg\" class=\"attachment-large size-large wp-post-image\" alt=\"\" style=\"\" srcset=\"https:\/\/vsneustift.at\/wp-content\/uploads\/2022\/08\/22-linz-aktion-129-1-683x1024.jpg 683w, https:\/\/vsneustift.at\/wp-content\/uploads\/2022\/08\/22-linz-aktion-129-1-200x300.jpg 200w, https:\/\/vsneustift.at\/wp-content\/uploads\/2022\/08\/22-linz-aktion-129-1-768x1152.jpg 768w, https:\/\/vsneustift.at\/wp-content\/uploads\/2022\/08\/22-linz-aktion-129-1-1024x1536.jpg 1024w, https:\/\/vsneustift.at\/wp-content\/uploads\/2022\/08\/22-linz-aktion-129-1-1365x2048.jpg 1365w, https:\/\/vsneustift.at\/wp-content\/uploads\/2022\/08\/22-linz-aktion-129-1-scaled.jpg 1707w\" sizes=\"auto, (max-width: 660px) 100vw, 660px\" \/><\/div><a class=\"wp-block-latest-posts__post-title\" href=\"https:\/\/vsneustift.at\/?p=1275\">Tolle Tage in unserer Landeshauptstadt LINZ.<\/a><div class=\"wp-block-latest-posts__post-excerpt\">Da gab es viel zu entdecken und wir Kinder der &hellip; <a href=\"https:\/\/vsneustift.at\/?p=1275\" class=\"more-link\"><span class=\"screen-reader-text\">Tolle Tage in unserer Landeshauptstadt LINZ.<\/span> weiterlesen<\/a><\/div><\/li>\n<li><div class=\"wp-block-latest-posts__featured-image\"><img loading=\"lazy\" decoding=\"async\" width=\"660\" height=\"495\" src=\"https:\/\/vsneustift.at\/wp-content\/uploads\/2022\/05\/IMG_20220503_121953-1024x768.jpg\" class=\"attachment-large size-large wp-post-image\" alt=\"\" style=\"\" srcset=\"https:\/\/vsneustift.at\/wp-content\/uploads\/2022\/05\/IMG_20220503_121953-1024x768.jpg 1024w, https:\/\/vsneustift.at\/wp-content\/uploads\/2022\/05\/IMG_20220503_121953-300x225.jpg 300w, https:\/\/vsneustift.at\/wp-content\/uploads\/2022\/05\/IMG_20220503_121953-768x576.jpg 768w, https:\/\/vsneustift.at\/wp-content\/uploads\/2022\/05\/IMG_20220503_121953-1536x1152.jpg 1536w, https:\/\/vsneustift.at\/wp-content\/uploads\/2022\/05\/IMG_20220503_121953-2048x1536.jpg 2048w\" sizes=\"auto, (max-width: 660px) 100vw, 660px\" \/><\/div><a class=\"wp-block-latest-posts__post-title\" href=\"https:\/\/vsneustift.at\/?p=1252\">Mama- du bist die Allerbeste &#8211; unser Muttertagslied<\/a><div class=\"wp-block-latest-posts__post-excerpt\"><\/div><\/li>\n<li><div class=\"wp-block-latest-posts__featured-image\"><img loading=\"lazy\" decoding=\"async\" width=\"660\" height=\"440\" src=\"https:\/\/vsneustift.at\/wp-content\/uploads\/2022\/05\/MUGG-Sportgeraete-3-1024x683.jpg\" class=\"attachment-large size-large wp-post-image\" alt=\"\" style=\"\" srcset=\"https:\/\/vsneustift.at\/wp-content\/uploads\/2022\/05\/MUGG-Sportgeraete-3-1024x683.jpg 1024w, https:\/\/vsneustift.at\/wp-content\/uploads\/2022\/05\/MUGG-Sportgeraete-3-300x200.jpg 300w, https:\/\/vsneustift.at\/wp-content\/uploads\/2022\/05\/MUGG-Sportgeraete-3-768x512.jpg 768w, https:\/\/vsneustift.at\/wp-content\/uploads\/2022\/05\/MUGG-Sportgeraete-3-1536x1024.jpg 1536w, https:\/\/vsneustift.at\/wp-content\/uploads\/2022\/05\/MUGG-Sportgeraete-3-2048x1365.jpg 2048w\" sizes=\"auto, (max-width: 660px) 100vw, 660px\" \/><\/div><a class=\"wp-block-latest-posts__post-title\" href=\"https:\/\/vsneustift.at\/?p=1242\">Neue Spielger\u00e4te<\/a><div class=\"wp-block-latest-posts__post-excerpt\">\u201eDer kleine MUGG \u2013 mir &amp; uns geht`s gut\u201c F\u00fcr &hellip; <a href=\"https:\/\/vsneustift.at\/?p=1242\" class=\"more-link\"><span class=\"screen-reader-text\">Neue Spielger\u00e4te<\/span> weiterlesen<\/a><\/div><\/li>\n<li><div class=\"wp-block-latest-posts__featured-image\"><img loading=\"lazy\" decoding=\"async\" width=\"660\" height=\"440\" src=\"https:\/\/vsneustift.at\/wp-content\/uploads\/2022\/05\/schule-am-ball-17-1024x683.jpg\" class=\"attachment-large size-large wp-post-image\" alt=\"\" style=\"\" srcset=\"https:\/\/vsneustift.at\/wp-content\/uploads\/2022\/05\/schule-am-ball-17-1024x683.jpg 1024w, https:\/\/vsneustift.at\/wp-content\/uploads\/2022\/05\/schule-am-ball-17-300x200.jpg 300w, https:\/\/vsneustift.at\/wp-content\/uploads\/2022\/05\/schule-am-ball-17-768x512.jpg 768w, https:\/\/vsneustift.at\/wp-content\/uploads\/2022\/05\/schule-am-ball-17-1536x1024.jpg 1536w, https:\/\/vsneustift.at\/wp-content\/uploads\/2022\/05\/schule-am-ball-17-2048x1365.jpg 2048w\" sizes=\"auto, (max-width: 660px) 100vw, 660px\" \/><\/div><a class=\"wp-block-latest-posts__post-title\" href=\"https:\/\/vsneustift.at\/?p=1162\">Schule am Ball<\/a><div class=\"wp-block-latest-posts__post-excerpt\">Schule am Ball wird als Projekt f\u00fcr die 3. und &hellip; <a href=\"https:\/\/vsneustift.at\/?p=1162\" class=\"more-link\"><span class=\"screen-reader-text\">Schule am Ball<\/span> weiterlesen<\/a><\/div><\/li>\n<li><div class=\"wp-block-latest-posts__featured-image\"><img loading=\"lazy\" decoding=\"async\" width=\"660\" height=\"990\" src=\"https:\/\/vsneustift.at\/wp-content\/uploads\/2022\/05\/IMG_9115-1-683x1024.jpg\" class=\"attachment-large size-large wp-post-image\" alt=\"\" style=\"\" srcset=\"https:\/\/vsneustift.at\/wp-content\/uploads\/2022\/05\/IMG_9115-1-683x1024.jpg 683w, https:\/\/vsneustift.at\/wp-content\/uploads\/2022\/05\/IMG_9115-1-200x300.jpg 200w, https:\/\/vsneustift.at\/wp-content\/uploads\/2022\/05\/IMG_9115-1-768x1152.jpg 768w, https:\/\/vsneustift.at\/wp-content\/uploads\/2022\/05\/IMG_9115-1-1024x1536.jpg 1024w, https:\/\/vsneustift.at\/wp-content\/uploads\/2022\/05\/IMG_9115-1-1365x2048.jpg 1365w, https:\/\/vsneustift.at\/wp-content\/uploads\/2022\/05\/IMG_9115-1-scaled.jpg 1707w\" sizes=\"auto, (max-width: 660px) 100vw, 660px\" \/><\/div><a class=\"wp-block-latest-posts__post-title\" href=\"https:\/\/vsneustift.at\/?p=1160\">Lesebuddys &#8211; Lesefreunde<\/a><div class=\"wp-block-latest-posts__post-excerpt\">Die KIGA-Schulanf\u00e4nger kommen zum Buchlesen zu den Vierklasslern. Endlich k\u00f6nnen &hellip; <a href=\"https:\/\/vsneustift.at\/?p=1160\" class=\"more-link\"><span class=\"screen-reader-text\">Lesebuddys &#8211; Lesefreunde<\/span> weiterlesen<\/a><\/div><\/li>\n<li><div class=\"wp-block-latest-posts__featured-image\"><img loading=\"lazy\" decoding=\"async\" width=\"660\" height=\"439\" src=\"https:\/\/vsneustift.at\/wp-content\/uploads\/2022\/05\/DSC_8802-1024x681.jpg\" class=\"attachment-large size-large wp-post-image\" alt=\"\" style=\"\" srcset=\"https:\/\/vsneustift.at\/wp-content\/uploads\/2022\/05\/DSC_8802-1024x681.jpg 1024w, https:\/\/vsneustift.at\/wp-content\/uploads\/2022\/05\/DSC_8802-300x200.jpg 300w, https:\/\/vsneustift.at\/wp-content\/uploads\/2022\/05\/DSC_8802-768x511.jpg 768w, https:\/\/vsneustift.at\/wp-content\/uploads\/2022\/05\/DSC_8802-1536x1022.jpg 1536w, https:\/\/vsneustift.at\/wp-content\/uploads\/2022\/05\/DSC_8802-2048x1363.jpg 2048w\" sizes=\"auto, (max-width: 660px) 100vw, 660px\" \/><\/div><a class=\"wp-block-latest-posts__post-title\" href=\"https:\/\/vsneustift.at\/?p=1158\">Fahrt zu \u201eD` Blechan\u201c nach Pfarrkirchen<\/a><div class=\"wp-block-latest-posts__post-excerpt\">Danke f\u00fcr die Einladung an die Musikvereine Pfarrkirchen, Rannariedl u. &hellip; <a href=\"https:\/\/vsneustift.at\/?p=1158\" class=\"more-link\"><span class=\"screen-reader-text\">Fahrt zu \u201eD` Blechan\u201c nach Pfarrkirchen<\/span> weiterlesen<\/a><\/div><\/li>\n<li><div class=\"wp-block-latest-posts__featured-image\"><img loading=\"lazy\" decoding=\"async\" width=\"660\" height=\"495\" src=\"https:\/\/vsneustift.at\/wp-content\/uploads\/2022\/05\/wie-fit-bist-du-24-1024x768.jpg\" class=\"attachment-large size-large wp-post-image\" alt=\"\" style=\"\" srcset=\"https:\/\/vsneustift.at\/wp-content\/uploads\/2022\/05\/wie-fit-bist-du-24-1024x768.jpg 1024w, https:\/\/vsneustift.at\/wp-content\/uploads\/2022\/05\/wie-fit-bist-du-24-300x225.jpg 300w, https:\/\/vsneustift.at\/wp-content\/uploads\/2022\/05\/wie-fit-bist-du-24-768x576.jpg 768w, https:\/\/vsneustift.at\/wp-content\/uploads\/2022\/05\/wie-fit-bist-du-24-1536x1152.jpg 1536w, https:\/\/vsneustift.at\/wp-content\/uploads\/2022\/05\/wie-fit-bist-du-24-2048x1536.jpg 2048w\" sizes=\"auto, (max-width: 660px) 100vw, 660px\" \/><\/div><a class=\"wp-block-latest-posts__post-title\" href=\"https:\/\/vsneustift.at\/?p=1156\">Wie fit bist du?<\/a><div class=\"wp-block-latest-posts__post-excerpt\">Ein erlebnisreicher Vormittag bei der sportmotorischen Testung mit dem Team &hellip; <a href=\"https:\/\/vsneustift.at\/?p=1156\" class=\"more-link\"><span class=\"screen-reader-text\">Wie fit bist du?<\/span> weiterlesen<\/a><\/div><\/li>\n<li><div class=\"wp-block-latest-posts__featured-image\"><img loading=\"lazy\" decoding=\"async\" width=\"660\" height=\"440\" src=\"https:\/\/vsneustift.at\/wp-content\/uploads\/2022\/05\/s-internet-2-1024x683.jpg\" class=\"attachment-large size-large wp-post-image\" alt=\"\" style=\"\" srcset=\"https:\/\/vsneustift.at\/wp-content\/uploads\/2022\/05\/s-internet-2-1024x683.jpg 1024w, https:\/\/vsneustift.at\/wp-content\/uploads\/2022\/05\/s-internet-2-300x200.jpg 300w, https:\/\/vsneustift.at\/wp-content\/uploads\/2022\/05\/s-internet-2-768x512.jpg 768w, https:\/\/vsneustift.at\/wp-content\/uploads\/2022\/05\/s-internet-2-1536x1024.jpg 1536w, https:\/\/vsneustift.at\/wp-content\/uploads\/2022\/05\/s-internet-2-2048x1365.jpg 2048w\" sizes=\"auto, (max-width: 660px) 100vw, 660px\" \/><\/div><a class=\"wp-block-latest-posts__post-title\" href=\"https:\/\/vsneustift.at\/?p=1152\">\u201eSafer Internet\u201c -Workshop mit Patricia Groi\u00df-Bischof<\/a><div class=\"wp-block-latest-posts__post-excerpt\">Patricia Groi\u00df-Bischof, Referentin der Initiative Safer Internet, sprach mit den &hellip; <a href=\"https:\/\/vsneustift.at\/?p=1152\" class=\"more-link\"><span class=\"screen-reader-text\">\u201eSafer Internet\u201c -Workshop mit Patricia Groi\u00df-Bischof<\/span> weiterlesen<\/a><\/div><\/li>\n<li><div class=\"wp-block-latest-posts__featured-image\"><img loading=\"lazy\" decoding=\"async\" width=\"660\" height=\"440\" src=\"https:\/\/vsneustift.at\/wp-content\/uploads\/2022\/05\/07.jpg\" class=\"attachment-large size-large wp-post-image\" alt=\"\" style=\"\" srcset=\"https:\/\/vsneustift.at\/wp-content\/uploads\/2022\/05\/07.jpg 720w, https:\/\/vsneustift.at\/wp-content\/uploads\/2022\/05\/07-300x200.jpg 300w\" sizes=\"auto, (max-width: 660px) 100vw, 660px\" \/><\/div><a class=\"wp-block-latest-posts__post-title\" href=\"https:\/\/vsneustift.at\/?p=1154\">Ein Abend im Musiktheater in Linz<\/a><div class=\"wp-block-latest-posts__post-excerpt\">Lehrerausflug ins Musiktheater Linz: \u201eWie im Himmel\u201c Ein toller Abend &hellip; <a href=\"https:\/\/vsneustift.at\/?p=1154\" class=\"more-link\"><span class=\"screen-reader-text\">Ein Abend im Musiktheater in Linz<\/span> weiterlesen<\/a><\/div><\/li>\n<li><div class=\"wp-block-latest-posts__featured-image\"><img loading=\"lazy\" decoding=\"async\" width=\"660\" height=\"440\" src=\"https:\/\/vsneustift.at\/wp-content\/uploads\/2022\/05\/IMG_9051-1024x683.jpg\" class=\"attachment-large size-large wp-post-image\" alt=\"\" style=\"\" srcset=\"https:\/\/vsneustift.at\/wp-content\/uploads\/2022\/05\/IMG_9051-1024x683.jpg 1024w, https:\/\/vsneustift.at\/wp-content\/uploads\/2022\/05\/IMG_9051-300x200.jpg 300w, https:\/\/vsneustift.at\/wp-content\/uploads\/2022\/05\/IMG_9051-768x512.jpg 768w, https:\/\/vsneustift.at\/wp-content\/uploads\/2022\/05\/IMG_9051-1536x1024.jpg 1536w, https:\/\/vsneustift.at\/wp-content\/uploads\/2022\/05\/IMG_9051-2048x1365.jpg 2048w\" sizes=\"auto, (max-width: 660px) 100vw, 660px\" \/><\/div><a class=\"wp-block-latest-posts__post-title\" href=\"https:\/\/vsneustift.at\/?p=1150\">Vorbereitungen f\u00fcr Ostern an der VS Neustift!<\/a><div class=\"wp-block-latest-posts__post-excerpt\">Jedes Jahr bereiten wir uns mit einem Kreuzweg in der &hellip; <a href=\"https:\/\/vsneustift.at\/?p=1150\" class=\"more-link\"><span class=\"screen-reader-text\">Vorbereitungen f\u00fcr Ostern an der VS Neustift!<\/span> weiterlesen<\/a><\/div><\/li>\n<li><div class=\"wp-block-latest-posts__featured-image\"><img loading=\"lazy\" decoding=\"async\" width=\"660\" height=\"440\" src=\"https:\/\/vsneustift.at\/wp-content\/uploads\/2022\/03\/osterhasen-c-1024x683.jpg\" class=\"attachment-large size-large wp-post-image\" alt=\"\" style=\"\" srcset=\"https:\/\/vsneustift.at\/wp-content\/uploads\/2022\/03\/osterhasen-c-1024x683.jpg 1024w, https:\/\/vsneustift.at\/wp-content\/uploads\/2022\/03\/osterhasen-c-300x200.jpg 300w, https:\/\/vsneustift.at\/wp-content\/uploads\/2022\/03\/osterhasen-c-768x512.jpg 768w, https:\/\/vsneustift.at\/wp-content\/uploads\/2022\/03\/osterhasen-c-1536x1024.jpg 1536w, https:\/\/vsneustift.at\/wp-content\/uploads\/2022\/03\/osterhasen-c-2048x1365.jpg 2048w\" sizes=\"auto, (max-width: 660px) 100vw, 660px\" \/><\/div><a class=\"wp-block-latest-posts__post-title\" href=\"https:\/\/vsneustift.at\/?p=1138\">Gro\u00dfes Osterhasentreffen in Neustift!<\/a><div class=\"wp-block-latest-posts__post-excerpt\">Mit Feuereifer haben die Kinder an der gro\u00dfen Osterhasenfamilie gearbeitet. &hellip; <a href=\"https:\/\/vsneustift.at\/?p=1138\" class=\"more-link\"><span class=\"screen-reader-text\">Gro\u00dfes Osterhasentreffen in Neustift!<\/span> weiterlesen<\/a><\/div><\/li>\n<li><div class=\"wp-block-latest-posts__featured-image\"><img loading=\"lazy\" decoding=\"async\" width=\"660\" height=\"615\" src=\"https:\/\/vsneustift.at\/wp-content\/uploads\/2022\/03\/logo-mugg.jpg\" class=\"attachment-large size-large wp-post-image\" alt=\"\" style=\"\" srcset=\"https:\/\/vsneustift.at\/wp-content\/uploads\/2022\/03\/logo-mugg.jpg 800w, https:\/\/vsneustift.at\/wp-content\/uploads\/2022\/03\/logo-mugg-300x280.jpg 300w, https:\/\/vsneustift.at\/wp-content\/uploads\/2022\/03\/logo-mugg-768x716.jpg 768w\" sizes=\"auto, (max-width: 660px) 100vw, 660px\" \/><\/div><a class=\"wp-block-latest-posts__post-title\" href=\"https:\/\/vsneustift.at\/?p=1132\">Zertifikat &#8222;Der kleine MUGG&#8220;<\/a><div class=\"wp-block-latest-posts__post-excerpt\">Nach beinahe 4 Schuljahren erfolgt nun der Abschluss vom Gesundheitsprojekt &hellip; <a href=\"https:\/\/vsneustift.at\/?p=1132\" class=\"more-link\"><span class=\"screen-reader-text\">Zertifikat &#8222;Der kleine MUGG&#8220;<\/span> weiterlesen<\/a><\/div><\/li>\n<li><div class=\"wp-block-latest-posts__featured-image\"><img loading=\"lazy\" decoding=\"async\" width=\"660\" height=\"440\" src=\"https:\/\/vsneustift.at\/wp-content\/uploads\/2022\/03\/IMG_8905-1024x683.jpg\" class=\"attachment-large size-large wp-post-image\" alt=\"\" style=\"\" srcset=\"https:\/\/vsneustift.at\/wp-content\/uploads\/2022\/03\/IMG_8905-1024x683.jpg 1024w, https:\/\/vsneustift.at\/wp-content\/uploads\/2022\/03\/IMG_8905-300x200.jpg 300w, https:\/\/vsneustift.at\/wp-content\/uploads\/2022\/03\/IMG_8905-768x512.jpg 768w, https:\/\/vsneustift.at\/wp-content\/uploads\/2022\/03\/IMG_8905-1536x1024.jpg 1536w, https:\/\/vsneustift.at\/wp-content\/uploads\/2022\/03\/IMG_8905-2048x1365.jpg 2048w\" sizes=\"auto, (max-width: 660px) 100vw, 660px\" \/><\/div><a class=\"wp-block-latest-posts__post-title\" href=\"https:\/\/vsneustift.at\/?p=1100\">Wie im Kino \u2013 mit Getr\u00e4nken und Popcorn<\/a><div class=\"wp-block-latest-posts__post-excerpt\">Latte Igel und der magische Wasserstein \u2013 so hie\u00df unser &hellip; <a href=\"https:\/\/vsneustift.at\/?p=1100\" class=\"more-link\"><span class=\"screen-reader-text\">Wie im Kino \u2013 mit Getr\u00e4nken und Popcorn<\/span> weiterlesen<\/a><\/div><\/li>\n<li><div class=\"wp-block-latest-posts__featured-image\"><img loading=\"lazy\" decoding=\"async\" width=\"660\" height=\"495\" src=\"https:\/\/vsneustift.at\/wp-content\/uploads\/2022\/03\/IMG_9758-1024x768.jpg\" class=\"attachment-large size-large wp-post-image\" alt=\"\" style=\"\" srcset=\"https:\/\/vsneustift.at\/wp-content\/uploads\/2022\/03\/IMG_9758-1024x768.jpg 1024w, https:\/\/vsneustift.at\/wp-content\/uploads\/2022\/03\/IMG_9758-300x225.jpg 300w, https:\/\/vsneustift.at\/wp-content\/uploads\/2022\/03\/IMG_9758-768x576.jpg 768w, https:\/\/vsneustift.at\/wp-content\/uploads\/2022\/03\/IMG_9758-1536x1152.jpg 1536w, https:\/\/vsneustift.at\/wp-content\/uploads\/2022\/03\/IMG_9758-2048x1536.jpg 2048w\" sizes=\"auto, (max-width: 660px) 100vw, 660px\" \/><\/div><a class=\"wp-block-latest-posts__post-title\" href=\"https:\/\/vsneustift.at\/?p=1098\">Wir besuchen das Gemeindeamt<\/a><div class=\"wp-block-latest-posts__post-excerpt\">Die Drittklassler erleben eine \u201eGemeinderatssitzung\u201c und durchl\u00f6chern den B\u00fcrgermeister mit &hellip; <a href=\"https:\/\/vsneustift.at\/?p=1098\" class=\"more-link\"><span class=\"screen-reader-text\">Wir besuchen das Gemeindeamt<\/span> weiterlesen<\/a><\/div><\/li>\n<li><div class=\"wp-block-latest-posts__featured-image\"><img loading=\"lazy\" decoding=\"async\" width=\"660\" height=\"880\" src=\"https:\/\/vsneustift.at\/wp-content\/uploads\/2022\/03\/IMG_20220301_102656-Kopie-768x1024.jpg\" class=\"attachment-large size-large wp-post-image\" alt=\"\" style=\"\" srcset=\"https:\/\/vsneustift.at\/wp-content\/uploads\/2022\/03\/IMG_20220301_102656-Kopie-768x1024.jpg 768w, https:\/\/vsneustift.at\/wp-content\/uploads\/2022\/03\/IMG_20220301_102656-Kopie-225x300.jpg 225w, https:\/\/vsneustift.at\/wp-content\/uploads\/2022\/03\/IMG_20220301_102656-Kopie-1152x1536.jpg 1152w, https:\/\/vsneustift.at\/wp-content\/uploads\/2022\/03\/IMG_20220301_102656-Kopie-1536x2048.jpg 1536w, https:\/\/vsneustift.at\/wp-content\/uploads\/2022\/03\/IMG_20220301_102656-Kopie-scaled.jpg 1920w\" sizes=\"auto, (max-width: 660px) 100vw, 660px\" \/><\/div><a class=\"wp-block-latest-posts__post-title\" href=\"https:\/\/vsneustift.at\/?p=1094\">Hier kannst du unseren Faschingsfilm anschauen!<\/a><div class=\"wp-block-latest-posts__post-excerpt\"><\/div><\/li>\n<li><div class=\"wp-block-latest-posts__featured-image\"><img loading=\"lazy\" decoding=\"async\" width=\"660\" height=\"990\" src=\"https:\/\/vsneustift.at\/wp-content\/uploads\/2022\/03\/Studie-Sprache-a-683x1024.jpg\" class=\"attachment-large size-large wp-post-image\" alt=\"\" style=\"\" srcset=\"https:\/\/vsneustift.at\/wp-content\/uploads\/2022\/03\/Studie-Sprache-a-683x1024.jpg 683w, https:\/\/vsneustift.at\/wp-content\/uploads\/2022\/03\/Studie-Sprache-a-200x300.jpg 200w, https:\/\/vsneustift.at\/wp-content\/uploads\/2022\/03\/Studie-Sprache-a-768x1152.jpg 768w, https:\/\/vsneustift.at\/wp-content\/uploads\/2022\/03\/Studie-Sprache-a-1024x1536.jpg 1024w, https:\/\/vsneustift.at\/wp-content\/uploads\/2022\/03\/Studie-Sprache-a-1365x2048.jpg 1365w, https:\/\/vsneustift.at\/wp-content\/uploads\/2022\/03\/Studie-Sprache-a-scaled.jpg 1707w\" sizes=\"auto, (max-width: 660px) 100vw, 660px\" \/><\/div><a class=\"wp-block-latest-posts__post-title\" href=\"https:\/\/vsneustift.at\/?p=1092\">Ein interessantes Projekt<\/a><div class=\"wp-block-latest-posts__post-excerpt\">Unsere Lehrerin Theresa W\u00f6gerbauer macht mit uns ein Forschungsprojekt zum &hellip; <a href=\"https:\/\/vsneustift.at\/?p=1092\" class=\"more-link\"><span class=\"screen-reader-text\">Ein interessantes Projekt<\/span> weiterlesen<\/a><\/div><\/li>\n<li><div class=\"wp-block-latest-posts__featured-image\"><img loading=\"lazy\" decoding=\"async\" width=\"660\" height=\"889\" src=\"https:\/\/vsneustift.at\/wp-content\/uploads\/2022\/03\/2022-03-08-Schild-Freizeitanlage-760x1024.jpeg\" class=\"attachment-large size-large wp-post-image\" alt=\"\" style=\"\" srcset=\"https:\/\/vsneustift.at\/wp-content\/uploads\/2022\/03\/2022-03-08-Schild-Freizeitanlage-760x1024.jpeg 760w, https:\/\/vsneustift.at\/wp-content\/uploads\/2022\/03\/2022-03-08-Schild-Freizeitanlage-223x300.jpeg 223w, https:\/\/vsneustift.at\/wp-content\/uploads\/2022\/03\/2022-03-08-Schild-Freizeitanlage-768x1035.jpeg 768w, https:\/\/vsneustift.at\/wp-content\/uploads\/2022\/03\/2022-03-08-Schild-Freizeitanlage-1140x1536.jpeg 1140w, https:\/\/vsneustift.at\/wp-content\/uploads\/2022\/03\/2022-03-08-Schild-Freizeitanlage-1520x2048.jpeg 1520w, https:\/\/vsneustift.at\/wp-content\/uploads\/2022\/03\/2022-03-08-Schild-Freizeitanlage-scaled.jpeg 1900w\" sizes=\"auto, (max-width: 660px) 100vw, 660px\" \/><\/div><a class=\"wp-block-latest-posts__post-title\" href=\"https:\/\/vsneustift.at\/?p=1090\">Ein neues Schild f\u00fcr die Neustifter Freizeitanlage<\/a><div class=\"wp-block-latest-posts__post-excerpt\"><\/div><\/li>\n<li><div class=\"wp-block-latest-posts__featured-image\"><img loading=\"lazy\" decoding=\"async\" width=\"660\" height=\"440\" src=\"https:\/\/vsneustift.at\/wp-content\/uploads\/2022\/03\/IMG_8794-1024x683.jpg\" class=\"attachment-large size-large wp-post-image\" alt=\"\" style=\"\" srcset=\"https:\/\/vsneustift.at\/wp-content\/uploads\/2022\/03\/IMG_8794-1024x683.jpg 1024w, https:\/\/vsneustift.at\/wp-content\/uploads\/2022\/03\/IMG_8794-300x200.jpg 300w, https:\/\/vsneustift.at\/wp-content\/uploads\/2022\/03\/IMG_8794-768x512.jpg 768w, https:\/\/vsneustift.at\/wp-content\/uploads\/2022\/03\/IMG_8794-1536x1024.jpg 1536w, https:\/\/vsneustift.at\/wp-content\/uploads\/2022\/03\/IMG_8794-2048x1365.jpg 2048w\" sizes=\"auto, (max-width: 660px) 100vw, 660px\" \/><\/div><a class=\"wp-block-latest-posts__post-title\" href=\"https:\/\/vsneustift.at\/?p=1088\">Putz deine Z\u00e4hne richtig, ern\u00e4hre dich richtig!<\/a><div class=\"wp-block-latest-posts__post-excerpt\">Von einer Zahngesundheitsexpertin, Anna Maria Wakolbinger, gibt es wichtige Infos &hellip; <a href=\"https:\/\/vsneustift.at\/?p=1088\" class=\"more-link\"><span class=\"screen-reader-text\">Putz deine Z\u00e4hne richtig, ern\u00e4hre dich richtig!<\/span> weiterlesen<\/a><\/div><\/li>\n<li><div class=\"wp-block-latest-posts__featured-image\"><img loading=\"lazy\" decoding=\"async\" width=\"660\" height=\"495\" src=\"https:\/\/vsneustift.at\/wp-content\/uploads\/2022\/03\/2022-01-04-TOM-1024x768.jpg\" class=\"attachment-large size-large wp-post-image\" alt=\"\" style=\"\" srcset=\"https:\/\/vsneustift.at\/wp-content\/uploads\/2022\/03\/2022-01-04-TOM-1024x768.jpg 1024w, https:\/\/vsneustift.at\/wp-content\/uploads\/2022\/03\/2022-01-04-TOM-300x225.jpg 300w, https:\/\/vsneustift.at\/wp-content\/uploads\/2022\/03\/2022-01-04-TOM-768x576.jpg 768w, https:\/\/vsneustift.at\/wp-content\/uploads\/2022\/03\/2022-01-04-TOM-1536x1152.jpg 1536w, https:\/\/vsneustift.at\/wp-content\/uploads\/2022\/03\/2022-01-04-TOM-2048x1536.jpg 2048w\" sizes=\"auto, (max-width: 660px) 100vw, 660px\" \/><\/div><a class=\"wp-block-latest-posts__post-title\" href=\"https:\/\/vsneustift.at\/?p=1086\">Tom, unser j\u00fcngster \u201eSch\u00fcler\u201c<\/a><div class=\"wp-block-latest-posts__post-excerpt\">Gratulation an unsere Kollegin Clauda Sipek.&nbsp; Sie k\u00fcmmert sich um &hellip; <a href=\"https:\/\/vsneustift.at\/?p=1086\" class=\"more-link\"><span class=\"screen-reader-text\">Tom, unser j\u00fcngster \u201eSch\u00fcler\u201c<\/span> weiterlesen<\/a><\/div><\/li>\n<li><div class=\"wp-block-latest-posts__featured-image\"><img loading=\"lazy\" decoding=\"async\" width=\"660\" height=\"495\" src=\"https:\/\/vsneustift.at\/wp-content\/uploads\/2022\/03\/IMG_20220201_094551-1024x768.jpg\" class=\"attachment-large size-large wp-post-image\" alt=\"\" style=\"\" srcset=\"https:\/\/vsneustift.at\/wp-content\/uploads\/2022\/03\/IMG_20220201_094551-1024x768.jpg 1024w, https:\/\/vsneustift.at\/wp-content\/uploads\/2022\/03\/IMG_20220201_094551-300x225.jpg 300w, https:\/\/vsneustift.at\/wp-content\/uploads\/2022\/03\/IMG_20220201_094551-768x576.jpg 768w, https:\/\/vsneustift.at\/wp-content\/uploads\/2022\/03\/IMG_20220201_094551-1536x1152.jpg 1536w, https:\/\/vsneustift.at\/wp-content\/uploads\/2022\/03\/IMG_20220201_094551-2048x1536.jpg 2048w\" sizes=\"auto, (max-width: 660px) 100vw, 660px\" \/><\/div><a class=\"wp-block-latest-posts__post-title\" href=\"https:\/\/vsneustift.at\/?p=1084\">Eine Suppe w\u00e4rmt!<\/a><div class=\"wp-block-latest-posts__post-excerpt\">Bei unserer monatlichen \u201eGesunden Jause\u201c gibt es immer \u00dcberraschungen: Dekoration, &hellip; <a href=\"https:\/\/vsneustift.at\/?p=1084\" class=\"more-link\"><span class=\"screen-reader-text\">Eine Suppe w\u00e4rmt!<\/span> weiterlesen<\/a><\/div><\/li>\n<li><div class=\"wp-block-latest-posts__featured-image\"><img loading=\"lazy\" decoding=\"async\" width=\"660\" height=\"440\" src=\"https:\/\/vsneustift.at\/wp-content\/uploads\/2022\/01\/VS-Leiberl_sponsoring_-13-ausschnitt-1024x683.jpg\" class=\"attachment-large size-large wp-post-image\" alt=\"\" style=\"\" srcset=\"https:\/\/vsneustift.at\/wp-content\/uploads\/2022\/01\/VS-Leiberl_sponsoring_-13-ausschnitt-1024x683.jpg 1024w, https:\/\/vsneustift.at\/wp-content\/uploads\/2022\/01\/VS-Leiberl_sponsoring_-13-ausschnitt-300x200.jpg 300w, https:\/\/vsneustift.at\/wp-content\/uploads\/2022\/01\/VS-Leiberl_sponsoring_-13-ausschnitt-768x512.jpg 768w, https:\/\/vsneustift.at\/wp-content\/uploads\/2022\/01\/VS-Leiberl_sponsoring_-13-ausschnitt-1536x1024.jpg 1536w, https:\/\/vsneustift.at\/wp-content\/uploads\/2022\/01\/VS-Leiberl_sponsoring_-13-ausschnitt-2048x1365.jpg 2048w\" sizes=\"auto, (max-width: 660px) 100vw, 660px\" \/><\/div><a class=\"wp-block-latest-posts__post-title\" href=\"https:\/\/vsneustift.at\/?p=1057\">Unsere VS-Shirts sind da!<\/a><div class=\"wp-block-latest-posts__post-excerpt\">Unsere Erstklassler freuen sich \u00fcber ihre neuen VS_Shirts. Danke den &hellip; <a href=\"https:\/\/vsneustift.at\/?p=1057\" class=\"more-link\"><span class=\"screen-reader-text\">Unsere VS-Shirts sind da!<\/span> weiterlesen<\/a><\/div><\/li>\n<li><div class=\"wp-block-latest-posts__featured-image\"><img loading=\"lazy\" decoding=\"async\" width=\"660\" height=\"440\" src=\"https:\/\/vsneustift.at\/wp-content\/uploads\/2022\/01\/2021-12-23-xyz-lesesieger-1024x683.jpg\" class=\"attachment-large size-large wp-post-image\" alt=\"\" style=\"\" srcset=\"https:\/\/vsneustift.at\/wp-content\/uploads\/2022\/01\/2021-12-23-xyz-lesesieger-1024x683.jpg 1024w, https:\/\/vsneustift.at\/wp-content\/uploads\/2022\/01\/2021-12-23-xyz-lesesieger-300x200.jpg 300w, https:\/\/vsneustift.at\/wp-content\/uploads\/2022\/01\/2021-12-23-xyz-lesesieger-768x512.jpg 768w, https:\/\/vsneustift.at\/wp-content\/uploads\/2022\/01\/2021-12-23-xyz-lesesieger-1536x1024.jpg 1536w, https:\/\/vsneustift.at\/wp-content\/uploads\/2022\/01\/2021-12-23-xyz-lesesieger-2048x1365.jpg 2048w\" sizes=\"auto, (max-width: 660px) 100vw, 660px\" \/><\/div><a class=\"wp-block-latest-posts__post-title\" href=\"https:\/\/vsneustift.at\/?p=1053\">Leseolympiade &#8222;XYZ-wir lesen um die Wett`!&#8220;<\/a><div class=\"wp-block-latest-posts__post-excerpt\">Gratulation unseren Schulsieger der 17. RAIBA Sch\u00fclerolympiade:<\/div><\/li>\n<li><div class=\"wp-block-latest-posts__featured-image\"><img loading=\"lazy\" decoding=\"async\" width=\"660\" height=\"379\" src=\"https:\/\/vsneustift.at\/wp-content\/uploads\/2021\/12\/Bildschirmfoto-2021-12-22-um-21.21.13-1024x588.png\" class=\"attachment-large size-large wp-post-image\" alt=\"\" style=\"\" srcset=\"https:\/\/vsneustift.at\/wp-content\/uploads\/2021\/12\/Bildschirmfoto-2021-12-22-um-21.21.13-1024x588.png 1024w, https:\/\/vsneustift.at\/wp-content\/uploads\/2021\/12\/Bildschirmfoto-2021-12-22-um-21.21.13-300x172.png 300w, https:\/\/vsneustift.at\/wp-content\/uploads\/2021\/12\/Bildschirmfoto-2021-12-22-um-21.21.13-768x441.png 768w, https:\/\/vsneustift.at\/wp-content\/uploads\/2021\/12\/Bildschirmfoto-2021-12-22-um-21.21.13-1536x882.png 1536w, https:\/\/vsneustift.at\/wp-content\/uploads\/2021\/12\/Bildschirmfoto-2021-12-22-um-21.21.13-2048x1176.png 2048w\" sizes=\"auto, (max-width: 660px) 100vw, 660px\" \/><\/div><a class=\"wp-block-latest-posts__post-title\" href=\"https:\/\/vsneustift.at\/?p=1038\">Unser Weihnachtsfilm<\/a><div class=\"wp-block-latest-posts__post-excerpt\">Im Dezember!<\/div><\/li>\n<li><div class=\"wp-block-latest-posts__featured-image\"><img loading=\"lazy\" decoding=\"async\" width=\"660\" height=\"300\" src=\"https:\/\/vsneustift.at\/wp-content\/uploads\/2021\/12\/Bildschirmfoto-2021-12-22-um-21.19.13-1024x466.png\" class=\"attachment-large size-large wp-post-image\" alt=\"\" style=\"\" srcset=\"https:\/\/vsneustift.at\/wp-content\/uploads\/2021\/12\/Bildschirmfoto-2021-12-22-um-21.19.13-1024x466.png 1024w, https:\/\/vsneustift.at\/wp-content\/uploads\/2021\/12\/Bildschirmfoto-2021-12-22-um-21.19.13-300x136.png 300w, https:\/\/vsneustift.at\/wp-content\/uploads\/2021\/12\/Bildschirmfoto-2021-12-22-um-21.19.13-768x349.png 768w, https:\/\/vsneustift.at\/wp-content\/uploads\/2021\/12\/Bildschirmfoto-2021-12-22-um-21.19.13.png 1368w\" sizes=\"auto, (max-width: 660px) 100vw, 660px\" \/><\/div><a class=\"wp-block-latest-posts__post-title\" href=\"https:\/\/vsneustift.at\/?p=1035\">Schneefl\u00f6ckchen, Wei\u00dfr\u00f6ckchen<\/a><div class=\"wp-block-latest-posts__post-excerpt\">\u201eSchneefl\u00f6ckchen, Wei\u00dfr\u00f6ckchen, wann kommst du geschneit?&#8220;, fragen sich die Kinder &hellip; <a href=\"https:\/\/vsneustift.at\/?p=1035\" class=\"more-link\"><span class=\"screen-reader-text\">Schneefl\u00f6ckchen, Wei\u00dfr\u00f6ckchen<\/span> weiterlesen<\/a><\/div><\/li>\n<li><div class=\"wp-block-latest-posts__featured-image\"><img loading=\"lazy\" decoding=\"async\" width=\"660\" height=\"495\" src=\"https:\/\/vsneustift.at\/wp-content\/uploads\/2021\/12\/GTS-Weihnachtsbaeckerei-1-1024x768.jpg\" class=\"attachment-large size-large wp-post-image\" alt=\"\" style=\"\" srcset=\"https:\/\/vsneustift.at\/wp-content\/uploads\/2021\/12\/GTS-Weihnachtsbaeckerei-1-1024x768.jpg 1024w, https:\/\/vsneustift.at\/wp-content\/uploads\/2021\/12\/GTS-Weihnachtsbaeckerei-1-300x225.jpg 300w, https:\/\/vsneustift.at\/wp-content\/uploads\/2021\/12\/GTS-Weihnachtsbaeckerei-1-768x576.jpg 768w, https:\/\/vsneustift.at\/wp-content\/uploads\/2021\/12\/GTS-Weihnachtsbaeckerei-1-1536x1152.jpg 1536w, https:\/\/vsneustift.at\/wp-content\/uploads\/2021\/12\/GTS-Weihnachtsbaeckerei-1-2048x1536.jpg 2048w\" sizes=\"auto, (max-width: 660px) 100vw, 660px\" \/><\/div><a class=\"wp-block-latest-posts__post-title\" href=\"https:\/\/vsneustift.at\/?p=1020\">In der Weihnachtsb\u00e4ckerei<\/a><div class=\"wp-block-latest-posts__post-excerpt\">Im ganzen Schulhaus duftet es! In der Nachmittagsbetreuung wird flei\u00dfig &hellip; <a href=\"https:\/\/vsneustift.at\/?p=1020\" class=\"more-link\"><span class=\"screen-reader-text\">In der Weihnachtsb\u00e4ckerei<\/span> weiterlesen<\/a><\/div><\/li>\n<li><div class=\"wp-block-latest-posts__featured-image\"><img loading=\"lazy\" decoding=\"async\" width=\"660\" height=\"495\" src=\"https:\/\/vsneustift.at\/wp-content\/uploads\/2021\/12\/lebkuchen-3.-1024x768.jpg\" class=\"attachment-large size-large wp-post-image\" alt=\"\" style=\"\" srcset=\"https:\/\/vsneustift.at\/wp-content\/uploads\/2021\/12\/lebkuchen-3.-1024x768.jpg 1024w, https:\/\/vsneustift.at\/wp-content\/uploads\/2021\/12\/lebkuchen-3.-300x225.jpg 300w, https:\/\/vsneustift.at\/wp-content\/uploads\/2021\/12\/lebkuchen-3.-768x576.jpg 768w, https:\/\/vsneustift.at\/wp-content\/uploads\/2021\/12\/lebkuchen-3.-1536x1152.jpg 1536w, https:\/\/vsneustift.at\/wp-content\/uploads\/2021\/12\/lebkuchen-3.-2048x1536.jpg 2048w\" sizes=\"auto, (max-width: 660px) 100vw, 660px\" \/><\/div><a class=\"wp-block-latest-posts__post-title\" href=\"https:\/\/vsneustift.at\/?p=1007\">Geheimnisse in der Vorweihnachtszeit!<\/a><div class=\"wp-block-latest-posts__post-excerpt\">Wir haben eine Advent-\u00dcberraschung f\u00fcr alle Kinder vorbereitet! -f\u00fcr das &hellip; <a href=\"https:\/\/vsneustift.at\/?p=1007\" class=\"more-link\"><span class=\"screen-reader-text\">Geheimnisse in der Vorweihnachtszeit!<\/span> weiterlesen<\/a><\/div><\/li>\n<li><div class=\"wp-block-latest-posts__featured-image\"><img loading=\"lazy\" decoding=\"async\" width=\"660\" height=\"440\" src=\"https:\/\/vsneustift.at\/wp-content\/uploads\/2021\/12\/3-1024x683.jpg\" class=\"attachment-large size-large wp-post-image\" alt=\"\" style=\"\" srcset=\"https:\/\/vsneustift.at\/wp-content\/uploads\/2021\/12\/3-1024x683.jpg 1024w, https:\/\/vsneustift.at\/wp-content\/uploads\/2021\/12\/3-300x200.jpg 300w, https:\/\/vsneustift.at\/wp-content\/uploads\/2021\/12\/3-768x512.jpg 768w, https:\/\/vsneustift.at\/wp-content\/uploads\/2021\/12\/3-1536x1024.jpg 1536w, https:\/\/vsneustift.at\/wp-content\/uploads\/2021\/12\/3-2048x1365.jpg 2048w\" sizes=\"auto, (max-width: 660px) 100vw, 660px\" \/><\/div><a class=\"wp-block-latest-posts__post-title\" href=\"https:\/\/vsneustift.at\/?p=998\">Kein Lockdown f\u00fcr den Nikolaus!<\/a><div class=\"wp-block-latest-posts__post-excerpt\">Danke der Helferin vom Nikolaus Nicole Detl aus unserem Elternvereinsteam, &hellip; <a href=\"https:\/\/vsneustift.at\/?p=998\" class=\"more-link\"><span class=\"screen-reader-text\">Kein Lockdown f\u00fcr den Nikolaus!<\/span> weiterlesen<\/a><\/div><\/li>\n<li><div class=\"wp-block-latest-posts__featured-image\"><img loading=\"lazy\" decoding=\"async\" width=\"660\" height=\"495\" src=\"https:\/\/vsneustift.at\/wp-content\/uploads\/2021\/11\/18b-2-1024x768.jpg\" class=\"attachment-large size-large wp-post-image\" alt=\"\" style=\"\" srcset=\"https:\/\/vsneustift.at\/wp-content\/uploads\/2021\/11\/18b-2-1024x768.jpg 1024w, https:\/\/vsneustift.at\/wp-content\/uploads\/2021\/11\/18b-2-300x225.jpg 300w, https:\/\/vsneustift.at\/wp-content\/uploads\/2021\/11\/18b-2-768x576.jpg 768w, https:\/\/vsneustift.at\/wp-content\/uploads\/2021\/11\/18b-2-1536x1152.jpg 1536w, https:\/\/vsneustift.at\/wp-content\/uploads\/2021\/11\/18b-2-2048x1536.jpg 2048w\" sizes=\"auto, (max-width: 660px) 100vw, 660px\" \/><\/div><a class=\"wp-block-latest-posts__post-title\" href=\"https:\/\/vsneustift.at\/?p=927\">Jetzt ist es auch Advent vor unserer Schule!<\/a><div class=\"wp-block-latest-posts__post-excerpt\">Unser alter Turnsaalboden hat sich in Weihnachtsb\u00e4ume verwandelt \u2013 ein &hellip; <a href=\"https:\/\/vsneustift.at\/?p=927\" class=\"more-link\"><span class=\"screen-reader-text\">Jetzt ist es auch Advent vor unserer Schule!<\/span> weiterlesen<\/a><\/div><\/li>\n<li><div class=\"wp-block-latest-posts__featured-image\"><img loading=\"lazy\" decoding=\"async\" width=\"660\" height=\"495\" src=\"https:\/\/vsneustift.at\/wp-content\/uploads\/2021\/11\/17b-2-1024x768.jpg\" class=\"attachment-large size-large wp-post-image\" alt=\"\" style=\"\" srcset=\"https:\/\/vsneustift.at\/wp-content\/uploads\/2021\/11\/17b-2-1024x768.jpg 1024w, https:\/\/vsneustift.at\/wp-content\/uploads\/2021\/11\/17b-2-300x225.jpg 300w, https:\/\/vsneustift.at\/wp-content\/uploads\/2021\/11\/17b-2-768x576.jpg 768w, https:\/\/vsneustift.at\/wp-content\/uploads\/2021\/11\/17b-2-1536x1152.jpg 1536w, https:\/\/vsneustift.at\/wp-content\/uploads\/2021\/11\/17b-2-2048x1536.jpg 2048w\" sizes=\"auto, (max-width: 660px) 100vw, 660px\" \/><\/div><a class=\"wp-block-latest-posts__post-title\" href=\"https:\/\/vsneustift.at\/?p=913\">Es ist Advent in der Schule!<\/a><div class=\"wp-block-latest-posts__post-excerpt\"><\/div><\/li>\n<li><div class=\"wp-block-latest-posts__featured-image\"><img loading=\"lazy\" decoding=\"async\" width=\"660\" height=\"440\" src=\"https:\/\/vsneustift.at\/wp-content\/uploads\/2021\/11\/16-a-1024x683.jpg\" class=\"attachment-large size-large wp-post-image\" alt=\"\" style=\"\" srcset=\"https:\/\/vsneustift.at\/wp-content\/uploads\/2021\/11\/16-a-1024x683.jpg 1024w, https:\/\/vsneustift.at\/wp-content\/uploads\/2021\/11\/16-a-300x200.jpg 300w, https:\/\/vsneustift.at\/wp-content\/uploads\/2021\/11\/16-a-768x512.jpg 768w, https:\/\/vsneustift.at\/wp-content\/uploads\/2021\/11\/16-a-1536x1024.jpg 1536w, https:\/\/vsneustift.at\/wp-content\/uploads\/2021\/11\/16-a-2048x1365.jpg 2048w\" sizes=\"auto, (max-width: 660px) 100vw, 660px\" \/><\/div><a class=\"wp-block-latest-posts__post-title\" href=\"https:\/\/vsneustift.at\/?p=894\">Und trotzdem wird es heuer Weihnachten!<\/a><div class=\"wp-block-latest-posts__post-excerpt\">Viel Arbeit! Aus unserem alten Turnsaalboden werden gro\u00dfe Weihnachtsb\u00e4ume.<\/div><\/li>\n<li><div class=\"wp-block-latest-posts__featured-image\"><img loading=\"lazy\" decoding=\"async\" width=\"660\" height=\"440\" src=\"https:\/\/vsneustift.at\/wp-content\/uploads\/2021\/11\/15-1024x683.jpg\" class=\"attachment-large size-large wp-post-image\" alt=\"\" style=\"\" srcset=\"https:\/\/vsneustift.at\/wp-content\/uploads\/2021\/11\/15-1024x683.jpg 1024w, https:\/\/vsneustift.at\/wp-content\/uploads\/2021\/11\/15-300x200.jpg 300w, https:\/\/vsneustift.at\/wp-content\/uploads\/2021\/11\/15-768x512.jpg 768w, https:\/\/vsneustift.at\/wp-content\/uploads\/2021\/11\/15-1536x1024.jpg 1536w, https:\/\/vsneustift.at\/wp-content\/uploads\/2021\/11\/15-2048x1365.jpg 2048w\" sizes=\"auto, (max-width: 660px) 100vw, 660px\" \/><\/div><a class=\"wp-block-latest-posts__post-title\" href=\"https:\/\/vsneustift.at\/?p=888\">Weihnachtsfreude!<\/a><div class=\"wp-block-latest-posts__post-excerpt\">Wir haben f\u00fcr rum\u00e4nische Kinder liebevolle Weihnachtspackerl bereitet.<\/div><\/li>\n<li><div class=\"wp-block-latest-posts__featured-image\"><img loading=\"lazy\" decoding=\"async\" width=\"660\" height=\"440\" src=\"https:\/\/vsneustift.at\/wp-content\/uploads\/2021\/11\/14d-1024x683.jpg\" class=\"attachment-large size-large wp-post-image\" alt=\"\" style=\"\" srcset=\"https:\/\/vsneustift.at\/wp-content\/uploads\/2021\/11\/14d-1024x683.jpg 1024w, https:\/\/vsneustift.at\/wp-content\/uploads\/2021\/11\/14d-300x200.jpg 300w, https:\/\/vsneustift.at\/wp-content\/uploads\/2021\/11\/14d-768x512.jpg 768w, https:\/\/vsneustift.at\/wp-content\/uploads\/2021\/11\/14d-1536x1024.jpg 1536w, https:\/\/vsneustift.at\/wp-content\/uploads\/2021\/11\/14d-2048x1365.jpg 2048w\" sizes=\"auto, (max-width: 660px) 100vw, 660px\" \/><\/div><a class=\"wp-block-latest-posts__post-title\" href=\"https:\/\/vsneustift.at\/?p=871\">Tag des Apfels!<\/a><div class=\"wp-block-latest-posts__post-excerpt\">Eine Aktion der \u201eGesunden Gemeinde\u201c<\/div><\/li>\n<li><div class=\"wp-block-latest-posts__featured-image\"><img loading=\"lazy\" decoding=\"async\" width=\"660\" height=\"440\" src=\"https:\/\/vsneustift.at\/wp-content\/uploads\/2021\/11\/13-1024x683.jpg\" class=\"attachment-large size-large wp-post-image\" alt=\"\" style=\"\" srcset=\"https:\/\/vsneustift.at\/wp-content\/uploads\/2021\/11\/13-1024x683.jpg 1024w, https:\/\/vsneustift.at\/wp-content\/uploads\/2021\/11\/13-300x200.jpg 300w, https:\/\/vsneustift.at\/wp-content\/uploads\/2021\/11\/13-768x512.jpg 768w, https:\/\/vsneustift.at\/wp-content\/uploads\/2021\/11\/13-1536x1024.jpg 1536w, https:\/\/vsneustift.at\/wp-content\/uploads\/2021\/11\/13-2048x1365.jpg 2048w\" sizes=\"auto, (max-width: 660px) 100vw, 660px\" \/><\/div><a class=\"wp-block-latest-posts__post-title\" href=\"https:\/\/vsneustift.at\/?p=867\">Die B\u00e4uerinnen besuchen unsere ErstklasslerInnen &#8211; heuer drau\u00dfen im Schulgarten<\/a><div class=\"wp-block-latest-posts__post-excerpt\"><\/div><\/li>\n<li><div class=\"wp-block-latest-posts__featured-image\"><img loading=\"lazy\" decoding=\"async\" width=\"660\" height=\"495\" src=\"https:\/\/vsneustift.at\/wp-content\/uploads\/2021\/11\/12c-1024x768.jpg\" class=\"attachment-large size-large wp-post-image\" alt=\"\" style=\"\" srcset=\"https:\/\/vsneustift.at\/wp-content\/uploads\/2021\/11\/12c-1024x768.jpg 1024w, https:\/\/vsneustift.at\/wp-content\/uploads\/2021\/11\/12c-300x225.jpg 300w, https:\/\/vsneustift.at\/wp-content\/uploads\/2021\/11\/12c-768x576.jpg 768w, https:\/\/vsneustift.at\/wp-content\/uploads\/2021\/11\/12c-1536x1152.jpg 1536w, https:\/\/vsneustift.at\/wp-content\/uploads\/2021\/11\/12c-2048x1536.jpg 2048w\" sizes=\"auto, (max-width: 660px) 100vw, 660px\" \/><\/div><a class=\"wp-block-latest-posts__post-title\" href=\"https:\/\/vsneustift.at\/?p=850\">Vorstellgottesdienst unserer Erstkommunionkinder<\/a><div class=\"wp-block-latest-posts__post-excerpt\"><\/div><\/li>\n<li><div class=\"wp-block-latest-posts__featured-image\"><img loading=\"lazy\" decoding=\"async\" width=\"660\" height=\"440\" src=\"https:\/\/vsneustift.at\/wp-content\/uploads\/2021\/11\/11-c-1024x683.jpg\" class=\"attachment-large size-large wp-post-image\" alt=\"\" style=\"\" srcset=\"https:\/\/vsneustift.at\/wp-content\/uploads\/2021\/11\/11-c-1024x683.jpg 1024w, https:\/\/vsneustift.at\/wp-content\/uploads\/2021\/11\/11-c-300x200.jpg 300w, https:\/\/vsneustift.at\/wp-content\/uploads\/2021\/11\/11-c-768x512.jpg 768w, https:\/\/vsneustift.at\/wp-content\/uploads\/2021\/11\/11-c-1536x1024.jpg 1536w, https:\/\/vsneustift.at\/wp-content\/uploads\/2021\/11\/11-c-2048x1365.jpg 2048w\" sizes=\"auto, (max-width: 660px) 100vw, 660px\" \/><\/div><a class=\"wp-block-latest-posts__post-title\" href=\"https:\/\/vsneustift.at\/?p=840\">Turnen im Freien! Wir sind oft drau\u00dfen!<\/a><div class=\"wp-block-latest-posts__post-excerpt\">Unser Turnsaal ist bis Mitte Dezember nicht benutzbar. Der Boden &hellip; <a href=\"https:\/\/vsneustift.at\/?p=840\" class=\"more-link\"><span class=\"screen-reader-text\">Turnen im Freien! Wir sind oft drau\u00dfen!<\/span> weiterlesen<\/a><\/div><\/li>\n<li><div class=\"wp-block-latest-posts__featured-image\"><img loading=\"lazy\" decoding=\"async\" width=\"660\" height=\"440\" src=\"https:\/\/vsneustift.at\/wp-content\/uploads\/2021\/11\/10-1024x683.jpg\" class=\"attachment-large size-large wp-post-image\" alt=\"\" style=\"\" srcset=\"https:\/\/vsneustift.at\/wp-content\/uploads\/2021\/11\/10-1024x683.jpg 1024w, https:\/\/vsneustift.at\/wp-content\/uploads\/2021\/11\/10-300x200.jpg 300w, https:\/\/vsneustift.at\/wp-content\/uploads\/2021\/11\/10-768x512.jpg 768w, https:\/\/vsneustift.at\/wp-content\/uploads\/2021\/11\/10-1536x1024.jpg 1536w, https:\/\/vsneustift.at\/wp-content\/uploads\/2021\/11\/10-2048x1365.jpg 2048w\" sizes=\"auto, (max-width: 660px) 100vw, 660px\" \/><\/div><a class=\"wp-block-latest-posts__post-title\" href=\"https:\/\/vsneustift.at\/?p=837\">Das schmeckt lecker!<\/a><div class=\"wp-block-latest-posts__post-excerpt\">Unser Elternvereinsteam bereitet jeden Monat eine gesunde Jause f\u00fcr uns &hellip; <a href=\"https:\/\/vsneustift.at\/?p=837\" class=\"more-link\"><span class=\"screen-reader-text\">Das schmeckt lecker!<\/span> weiterlesen<\/a><\/div><\/li>\n<li><div class=\"wp-block-latest-posts__featured-image\"><img loading=\"lazy\" decoding=\"async\" width=\"660\" height=\"495\" src=\"https:\/\/vsneustift.at\/wp-content\/uploads\/2021\/11\/9-1024x768.jpg\" class=\"attachment-large size-large wp-post-image\" alt=\"\" style=\"\" srcset=\"https:\/\/vsneustift.at\/wp-content\/uploads\/2021\/11\/9-1024x768.jpg 1024w, https:\/\/vsneustift.at\/wp-content\/uploads\/2021\/11\/9-300x225.jpg 300w, https:\/\/vsneustift.at\/wp-content\/uploads\/2021\/11\/9-768x576.jpg 768w, https:\/\/vsneustift.at\/wp-content\/uploads\/2021\/11\/9-1536x1152.jpg 1536w, https:\/\/vsneustift.at\/wp-content\/uploads\/2021\/11\/9-2048x1536.jpg 2048w\" sizes=\"auto, (max-width: 660px) 100vw, 660px\" \/><\/div><a class=\"wp-block-latest-posts__post-title\" href=\"https:\/\/vsneustift.at\/?p=832\">Lehrausgang zu unserem Geldinstitut.<\/a><div class=\"wp-block-latest-posts__post-excerpt\">Wir erfahren viel \u00fcber Sparen, beobachten die Geldz\u00e4hlmaschine, \u2026\u20ac\u20ac\u20ac<\/div><\/li>\n<li><div class=\"wp-block-latest-posts__featured-image\"><img loading=\"lazy\" decoding=\"async\" width=\"660\" height=\"440\" src=\"https:\/\/vsneustift.at\/wp-content\/uploads\/2021\/11\/8a-1024x683.jpg\" class=\"attachment-large size-large wp-post-image\" alt=\"\" style=\"\" srcset=\"https:\/\/vsneustift.at\/wp-content\/uploads\/2021\/11\/8a-1024x683.jpg 1024w, https:\/\/vsneustift.at\/wp-content\/uploads\/2021\/11\/8a-300x200.jpg 300w, https:\/\/vsneustift.at\/wp-content\/uploads\/2021\/11\/8a-768x512.jpg 768w, https:\/\/vsneustift.at\/wp-content\/uploads\/2021\/11\/8a-1536x1024.jpg 1536w, https:\/\/vsneustift.at\/wp-content\/uploads\/2021\/11\/8a-2048x1365.jpg 2048w\" sizes=\"auto, (max-width: 660px) 100vw, 660px\" \/><\/div><a class=\"wp-block-latest-posts__post-title\" href=\"https:\/\/vsneustift.at\/?p=825\">Unser erster F\u00fchrerschein!<\/a><div class=\"wp-block-latest-posts__post-excerpt\">Wir Viertklassler und Viertklasslerinnen haben viel gelernt und ge\u00fcbt. Die &hellip; <a href=\"https:\/\/vsneustift.at\/?p=825\" class=\"more-link\"><span class=\"screen-reader-text\">Unser erster F\u00fchrerschein!<\/span> weiterlesen<\/a><\/div><\/li>\n<li><div class=\"wp-block-latest-posts__featured-image\"><img loading=\"lazy\" decoding=\"async\" width=\"660\" height=\"990\" src=\"https:\/\/vsneustift.at\/wp-content\/uploads\/2021\/11\/6-1-683x1024.jpg\" class=\"attachment-large size-large wp-post-image\" alt=\"\" style=\"\" srcset=\"https:\/\/vsneustift.at\/wp-content\/uploads\/2021\/11\/6-1-683x1024.jpg 683w, https:\/\/vsneustift.at\/wp-content\/uploads\/2021\/11\/6-1-200x300.jpg 200w, https:\/\/vsneustift.at\/wp-content\/uploads\/2021\/11\/6-1-768x1152.jpg 768w, https:\/\/vsneustift.at\/wp-content\/uploads\/2021\/11\/6-1-1024x1536.jpg 1024w, https:\/\/vsneustift.at\/wp-content\/uploads\/2021\/11\/6-1-1365x2048.jpg 1365w, https:\/\/vsneustift.at\/wp-content\/uploads\/2021\/11\/6-1-scaled.jpg 1707w\" sizes=\"auto, (max-width: 660px) 100vw, 660px\" \/><\/div><a class=\"wp-block-latest-posts__post-title\" href=\"https:\/\/vsneustift.at\/?p=822\">Der ist ja gar nicht stachelig!<\/a><div class=\"wp-block-latest-posts__post-excerpt\">Leonie hat einen kleinen Igel gefunden. Die Kinder in allen &hellip; <a href=\"https:\/\/vsneustift.at\/?p=822\" class=\"more-link\"><span class=\"screen-reader-text\">Der ist ja gar nicht stachelig!<\/span> weiterlesen<\/a><\/div><\/li>\n<li><div class=\"wp-block-latest-posts__featured-image\"><img loading=\"lazy\" decoding=\"async\" width=\"660\" height=\"440\" src=\"https:\/\/vsneustift.at\/wp-content\/uploads\/2021\/11\/5-1-1024x683.jpg\" class=\"attachment-large size-large wp-post-image\" alt=\"\" style=\"\" srcset=\"https:\/\/vsneustift.at\/wp-content\/uploads\/2021\/11\/5-1-1024x683.jpg 1024w, https:\/\/vsneustift.at\/wp-content\/uploads\/2021\/11\/5-1-300x200.jpg 300w, https:\/\/vsneustift.at\/wp-content\/uploads\/2021\/11\/5-1-768x512.jpg 768w, https:\/\/vsneustift.at\/wp-content\/uploads\/2021\/11\/5-1-1536x1024.jpg 1536w, https:\/\/vsneustift.at\/wp-content\/uploads\/2021\/11\/5-1-2048x1365.jpg 2048w\" sizes=\"auto, (max-width: 660px) 100vw, 660px\" \/><\/div><a class=\"wp-block-latest-posts__post-title\" href=\"https:\/\/vsneustift.at\/?p=819\">Sicher ist sicher!<\/a><div class=\"wp-block-latest-posts__post-excerpt\">Wir \u00fcben f\u00fcr den Brandfall.<\/div><\/li>\n<li><div class=\"wp-block-latest-posts__featured-image\"><img loading=\"lazy\" decoding=\"async\" width=\"660\" height=\"495\" src=\"https:\/\/vsneustift.at\/wp-content\/uploads\/2021\/11\/4a-1-1024x768.jpg\" class=\"attachment-large size-large wp-post-image\" alt=\"\" style=\"\" srcset=\"https:\/\/vsneustift.at\/wp-content\/uploads\/2021\/11\/4a-1-1024x768.jpg 1024w, https:\/\/vsneustift.at\/wp-content\/uploads\/2021\/11\/4a-1-300x225.jpg 300w, https:\/\/vsneustift.at\/wp-content\/uploads\/2021\/11\/4a-1-768x576.jpg 768w, https:\/\/vsneustift.at\/wp-content\/uploads\/2021\/11\/4a-1-1536x1152.jpg 1536w, https:\/\/vsneustift.at\/wp-content\/uploads\/2021\/11\/4a-1-2048x1536.jpg 2048w\" sizes=\"auto, (max-width: 660px) 100vw, 660px\" \/><\/div><a class=\"wp-block-latest-posts__post-title\" href=\"https:\/\/vsneustift.at\/?p=805\">Herrliches Wetter beim Wandertag<\/a><div class=\"wp-block-latest-posts__post-excerpt\"><\/div><\/li>\n<li><div class=\"wp-block-latest-posts__featured-image\"><img loading=\"lazy\" decoding=\"async\" width=\"660\" height=\"440\" src=\"https:\/\/vsneustift.at\/wp-content\/uploads\/2021\/11\/3-1-1024x683.jpg\" class=\"attachment-large size-large wp-post-image\" alt=\"\" style=\"\" srcset=\"https:\/\/vsneustift.at\/wp-content\/uploads\/2021\/11\/3-1-1024x683.jpg 1024w, https:\/\/vsneustift.at\/wp-content\/uploads\/2021\/11\/3-1-300x200.jpg 300w, https:\/\/vsneustift.at\/wp-content\/uploads\/2021\/11\/3-1-768x512.jpg 768w, https:\/\/vsneustift.at\/wp-content\/uploads\/2021\/11\/3-1-1536x1024.jpg 1536w, https:\/\/vsneustift.at\/wp-content\/uploads\/2021\/11\/3-1-2048x1365.jpg 2048w\" sizes=\"auto, (max-width: 660px) 100vw, 660px\" \/><\/div><a class=\"wp-block-latest-posts__post-title\" href=\"https:\/\/vsneustift.at\/?p=802\">Gemeinsam packen wir an!<\/a><div class=\"wp-block-latest-posts__post-excerpt\">Nur gemeinsam gelingt&#8217;s!<\/div><\/li>\n<li><div class=\"wp-block-latest-posts__featured-image\"><img loading=\"lazy\" decoding=\"async\" width=\"660\" height=\"880\" src=\"https:\/\/vsneustift.at\/wp-content\/uploads\/2021\/12\/wespennest-1.jpg\" class=\"attachment-large size-large wp-post-image\" alt=\"\" style=\"\" srcset=\"https:\/\/vsneustift.at\/wp-content\/uploads\/2021\/12\/wespennest-1.jpg 768w, https:\/\/vsneustift.at\/wp-content\/uploads\/2021\/12\/wespennest-1-225x300.jpg 225w\" sizes=\"auto, (max-width: 660px) 100vw, 660px\" \/><\/div><a class=\"wp-block-latest-posts__post-title\" href=\"https:\/\/vsneustift.at\/?p=974\">Die Ferienzeit ist f\u00fcr euch vorbei!<\/a><div class=\"wp-block-latest-posts__post-excerpt\">Da haben es sich einige Wespen in unserem Spielger\u00e4tehaus gem\u00fctlich &hellip; <a href=\"https:\/\/vsneustift.at\/?p=974\" class=\"more-link\"><span class=\"screen-reader-text\">Die Ferienzeit ist f\u00fcr euch vorbei!<\/span> weiterlesen<\/a><\/div><\/li>\n<li><div class=\"wp-block-latest-posts__featured-image\"><img loading=\"lazy\" decoding=\"async\" width=\"660\" height=\"880\" src=\"https:\/\/vsneustift.at\/wp-content\/uploads\/2021\/11\/2-768x1024.jpg\" class=\"attachment-large size-large wp-post-image\" alt=\"\" style=\"\" srcset=\"https:\/\/vsneustift.at\/wp-content\/uploads\/2021\/11\/2-768x1024.jpg 768w, https:\/\/vsneustift.at\/wp-content\/uploads\/2021\/11\/2-225x300.jpg 225w, https:\/\/vsneustift.at\/wp-content\/uploads\/2021\/11\/2-1152x1536.jpg 1152w, https:\/\/vsneustift.at\/wp-content\/uploads\/2021\/11\/2-1536x2048.jpg 1536w, https:\/\/vsneustift.at\/wp-content\/uploads\/2021\/11\/2-scaled.jpg 1920w\" sizes=\"auto, (max-width: 660px) 100vw, 660px\" \/><\/div><a class=\"wp-block-latest-posts__post-title\" href=\"https:\/\/vsneustift.at\/?p=799\">\u00dcberraschung: Opa mit \u201eEinstein\u201c!<\/a><div class=\"wp-block-latest-posts__post-excerpt\">Theresa wird am ersten Schultag von einem besonderen Schulbus abgeholt.<\/div><\/li>\n<li><div class=\"wp-block-latest-posts__featured-image\"><img loading=\"lazy\" decoding=\"async\" width=\"660\" height=\"990\" src=\"https:\/\/vsneustift.at\/wp-content\/uploads\/2021\/11\/1a-1-683x1024.jpg\" class=\"attachment-large size-large wp-post-image\" alt=\"\" style=\"\" srcset=\"https:\/\/vsneustift.at\/wp-content\/uploads\/2021\/11\/1a-1-683x1024.jpg 683w, https:\/\/vsneustift.at\/wp-content\/uploads\/2021\/11\/1a-1-200x300.jpg 200w, https:\/\/vsneustift.at\/wp-content\/uploads\/2021\/11\/1a-1-768x1152.jpg 768w, https:\/\/vsneustift.at\/wp-content\/uploads\/2021\/11\/1a-1-1024x1536.jpg 1024w, https:\/\/vsneustift.at\/wp-content\/uploads\/2021\/11\/1a-1-1365x2048.jpg 1365w, https:\/\/vsneustift.at\/wp-content\/uploads\/2021\/11\/1a-1-scaled.jpg 1707w\" sizes=\"auto, (max-width: 660px) 100vw, 660px\" \/><\/div><a class=\"wp-block-latest-posts__post-title\" href=\"https:\/\/vsneustift.at\/?p=754\">Schulanfang 2021\/22<\/a><div class=\"wp-block-latest-posts__post-excerpt\">Wir Schulanf\u00e4nger freuen uns auf den Schulstart! Auch unsere Frau &hellip; <a href=\"https:\/\/vsneustift.at\/?p=754\" class=\"more-link\"><span class=\"screen-reader-text\">Schulanfang 2021\/22<\/span> weiterlesen<\/a><\/div><\/li>\n<\/ul>","protected":false},"excerpt":{"rendered":"","protected":false},"author":1,"featured_media":0,"parent":0,"menu_order":0,"comment_status":"closed","ping_status":"closed","template":"","meta":{"footnotes":""},"class_list":["post-616","page","type-page","status-publish","hentry"],"yoast_head":"<!-- This site is optimized with the Yoast SEO plugin v21.7 - https:\/\/yoast.com\/wordpress\/plugins\/seo\/ -->\n<title>Archiv 2021\/2022 - Volksschule Neustift im M\u00fchlkreis<\/title>\n<meta name=\"robots\" content=\"index, follow, max-snippet:-1, max-image-preview:large, max-video-preview:-1\" \/>\n<link rel=\"canonical\" href=\"https:\/\/vsneustift.at\/?page_id=616\" \/>\n<meta property=\"og:locale\" content=\"de_DE\" \/>\n<meta property=\"og:type\" content=\"article\" \/>\n<meta property=\"og:title\" content=\"Archiv 2021\/2022 - Volksschule Neustift im M\u00fchlkreis\" \/>\n<meta property=\"og:url\" content=\"https:\/\/vsneustift.at\/?page_id=616\" \/>\n<meta property=\"og:site_name\" content=\"Volksschule Neustift im M\u00fchlkreis\" \/>\n<meta name=\"twitter:card\" content=\"summary_large_image\" \/>\n<script type=\"application\/ld+json\" class=\"yoast-schema-graph\">{\"@context\":\"https:\/\/schema.org\",\"@graph\":[{\"@type\":\"WebPage\",\"@id\":\"https:\/\/vsneustift.at\/?page_id=616\",\"url\":\"https:\/\/vsneustift.at\/?page_id=616\",\"name\":\"Archiv 2021\/2022 - Volksschule Neustift im M\u00fchlkreis\",\"isPartOf\":{\"@id\":\"https:\/\/vsneustift.at\/#website\"},\"datePublished\":\"2021-09-18T10:25:32+00:00\",\"dateModified\":\"2021-09-18T10:25:32+00:00\",\"breadcrumb\":{\"@id\":\"https:\/\/vsneustift.at\/?page_id=616#breadcrumb\"},\"inLanguage\":\"de\",\"potentialAction\":[{\"@type\":\"ReadAction\",\"target\":[\"https:\/\/vsneustift.at\/?page_id=616\"]}]},{\"@type\":\"BreadcrumbList\",\"@id\":\"https:\/\/vsneustift.at\/?page_id=616#breadcrumb\",\"itemListElement\":[{\"@type\":\"ListItem\",\"position\":1,\"name\":\"Startseite\",\"item\":\"https:\/\/vsneustift.at\/\"},{\"@type\":\"ListItem\",\"position\":2,\"name\":\"Archiv 2021\/2022\"}]},{\"@type\":\"WebSite\",\"@id\":\"https:\/\/vsneustift.at\/#website\",\"url\":\"https:\/\/vsneustift.at\/\",\"name\":\"Volksschule Neustift im M\u00fchlkreis\",\"description\":\"Schulstra\u00dfe 2, 4143 Neustift im M\u00fchlkreis. Eine aktive Schule mit musikalischen, kreativen und sportlichen Schwerpunkten sowie christlichen Werten und gelebter Schulpartnerschaft!\",\"publisher\":{\"@id\":\"https:\/\/vsneustift.at\/#organization\"},\"potentialAction\":[{\"@type\":\"SearchAction\",\"target\":{\"@type\":\"EntryPoint\",\"urlTemplate\":\"https:\/\/vsneustift.at\/?s={search_term_string}\"},\"query-input\":\"required name=search_term_string\"}],\"inLanguage\":\"de\"},{\"@type\":\"Organization\",\"@id\":\"https:\/\/vsneustift.at\/#organization\",\"name\":\"Volksschule Neustift i. M.\",\"url\":\"https:\/\/vsneustift.at\/\",\"logo\":{\"@type\":\"ImageObject\",\"inLanguage\":\"de\",\"@id\":\"https:\/\/vsneustift.at\/#\/schema\/logo\/image\/\",\"url\":\"https:\/\/vsneustift.at\/wp-content\/uploads\/2020\/10\/vs-logo-gut.jpg\",\"contentUrl\":\"https:\/\/vsneustift.at\/wp-content\/uploads\/2020\/10\/vs-logo-gut.jpg\",\"width\":861,\"height\":331,\"caption\":\"Volksschule Neustift i. M.\"},\"image\":{\"@id\":\"https:\/\/vsneustift.at\/#\/schema\/logo\/image\/\"}}]}<\/script>\n<!-- \/ Yoast SEO plugin. -->","yoast_head_json":{"title":"Archiv 2021\/2022 - Volksschule Neustift im M\u00fchlkreis","robots":{"index":"index","follow":"follow","max-snippet":"max-snippet:-1","max-image-preview":"max-image-preview:large","max-video-preview":"max-video-preview:-1"},"canonical":"https:\/\/vsneustift.at\/?page_id=616","og_locale":"de_DE","og_type":"article","og_title":"Archiv 2021\/2022 - Volksschule Neustift im M\u00fchlkreis","og_url":"https:\/\/vsneustift.at\/?page_id=616","og_site_name":"Volksschule Neustift im M\u00fchlkreis","twitter_card":"summary_large_image","schema":{"@context":"https:\/\/schema.org","@graph":[{"@type":"WebPage","@id":"https:\/\/vsneustift.at\/?page_id=616","url":"https:\/\/vsneustift.at\/?page_id=616","name":"Archiv 2021\/2022 - Volksschule Neustift im M\u00fchlkreis","isPartOf":{"@id":"https:\/\/vsneustift.at\/#website"},"datePublished":"2021-09-18T10:25:32+00:00","dateModified":"2021-09-18T10:25:32+00:00","breadcrumb":{"@id":"https:\/\/vsneustift.at\/?page_id=616#breadcrumb"},"inLanguage":"de","potentialAction":[{"@type":"ReadAction","target":["https:\/\/vsneustift.at\/?page_id=616"]}]},{"@type":"BreadcrumbList","@id":"https:\/\/vsneustift.at\/?page_id=616#breadcrumb","itemListElement":[{"@type":"ListItem","position":1,"name":"Startseite","item":"https:\/\/vsneustift.at\/"},{"@type":"ListItem","position":2,"name":"Archiv 2021\/2022"}]},{"@type":"WebSite","@id":"https:\/\/vsneustift.at\/#website","url":"https:\/\/vsneustift.at\/","name":"Volksschule Neustift im M\u00fchlkreis","description":"Schulstra\u00dfe 2, 4143 Neustift im M\u00fchlkreis. Eine aktive Schule mit musikalischen, kreativen und sportlichen Schwerpunkten sowie christlichen Werten und gelebter Schulpartnerschaft!","publisher":{"@id":"https:\/\/vsneustift.at\/#organization"},"potentialAction":[{"@type":"SearchAction","target":{"@type":"EntryPoint","urlTemplate":"https:\/\/vsneustift.at\/?s={search_term_string}"},"query-input":"required name=search_term_string"}],"inLanguage":"de"},{"@type":"Organization","@id":"https:\/\/vsneustift.at\/#organization","name":"Volksschule Neustift i. M.","url":"https:\/\/vsneustift.at\/","logo":{"@type":"ImageObject","inLanguage":"de","@id":"https:\/\/vsneustift.at\/#\/schema\/logo\/image\/","url":"https:\/\/vsneustift.at\/wp-content\/uploads\/2020\/10\/vs-logo-gut.jpg","contentUrl":"https:\/\/vsneustift.at\/wp-content\/uploads\/2020\/10\/vs-logo-gut.jpg","width":861,"height":331,"caption":"Volksschule Neustift i. M."},"image":{"@id":"https:\/\/vsneustift.at\/#\/schema\/logo\/image\/"}}]}},"_links":{"self":[{"href":"https:\/\/vsneustift.at\/index.php?rest_route=\/wp\/v2\/pages\/616","targetHints":{"allow":["GET"]}}],"collection":[{"href":"https:\/\/vsneustift.at\/index.php?rest_route=\/wp\/v2\/pages"}],"about":[{"href":"https:\/\/vsneustift.at\/index.php?rest_route=\/wp\/v2\/types\/page"}],"author":[{"embeddable":true,"href":"https:\/\/vsneustift.at\/index.php?rest_route=\/wp\/v2\/users\/1"}],"replies":[{"embeddable":true,"href":"https:\/\/vsneustift.at\/index.php?rest_route=%2Fwp%2Fv2%2Fcomments&post=616"}],"version-history":[{"count":4,"href":"https:\/\/vsneustift.at\/index.php?rest_route=\/wp\/v2\/pages\/616\/revisions"}],"predecessor-version":[{"id":626,"href":"https:\/\/vsneustift.at\/index.php?rest_route=\/wp\/v2\/pages\/616\/revisions\/626"}],"wp:attachment":[{"href":"https:\/\/vsneustift.at\/index.php?rest_route=%2Fwp%2Fv2%2Fmedia&parent=616"}],"curies":[{"name":"wp","href":"https:\/\/api.w.org\/{rel}","templated":true}]}}